{"id":3,"date":"2021-01-05T18:35:23","date_gmt":"2021-01-05T18:35:23","guid":{"rendered":"https:\/\/labvivalle.com.br\/site\/?page_id=3"},"modified":"2021-12-17T20:01:30","modified_gmt":"2021-12-17T20:01:30","slug":"politica-da-privacidade","status":"publish","type":"page","link":"https:\/\/labvivalle.com.br\/site\/politica-da-privacidade\/","title":{"rendered":"Pol\u00edtica da Privacidade"},"content":{"rendered":"\n<figure class=\"wp-block-image size-large\"><img loading=\"lazy\" decoding=\"async\" width=\"1024\" height=\"471\" src=\"https:\/\/labvivalle.com.br\/site\/wp-content\/uploads\/2021\/05\/LGPD-LabviValle-1024x471.jpg\" alt=\"\" class=\"wp-image-394\" srcset=\"https:\/\/labvivalle.com.br\/site\/wp-content\/uploads\/2021\/05\/LGPD-LabviValle-980x451.jpg 980w, https:\/\/labvivalle.com.br\/site\/wp-content\/uploads\/2021\/05\/LGPD-LabviValle-480x221.jpg 480w\" sizes=\"auto, (min-width: 0px) and (max-width: 480px) 480px, (min-width: 481px) and (max-width: 980px) 980px, (min-width: 981px) 1024px, 100vw\" \/><\/figure>\n\n\n\n<h2 class=\"wp-block-heading\" style=\"font-size:17px\"><strong>AVISO GERAL DE PRIVACIDADE E PROTE\u00c7\u00c3O DE DADOS<\/strong><\/h2>\n\n\n\n<p>A <strong>Rede D\u2019OR S\u00e3o Luiz<\/strong>, pessoa jur\u00eddica de direito privado inscrita no CNPJ sob o n\u00ba 06.047.087\/0001-39, com sede na Rua Volunt\u00e1rios da P\u00e1tria, 138 &#8211; Botafogo, Rio de Janeiro &#8211; RJ, CEP 22270-010 (\u201c<strong>Rede D\u2019OR<\/strong>\u201d), entende como extremamente relevantes os registros eletr\u00f4nicos e dados pessoais deixados por voc\u00ea (\u201cTitular\u201d) na utiliza\u00e7\u00e3o dos diversos sites e servi\u00e7os (\u201cServi\u00e7os\u201d) da <strong>Rede D\u2019OR<\/strong>, servindo o presente Aviso de Privacidade (&#8220;Aviso&#8221;) para regular, de forma simples, transparente e objetiva, como os seus dados pessoais ser\u00e3o coletados, utilizados e protegidos.<\/p>\n\n\n\n<p>O presente documento \u00e9 voltado a clientes da <strong>Rede D\u2019OR<\/strong> e aos demais Titulares cujos dados sejam tratados nas Unidades Hospitalares, canais digitais ou por outras empresas do <strong>Grupo Rede D\u2019OR S\u00e3o Luiz<\/strong> e suas filiais.<\/p>\n\n\n\n<p>Este aviso de privacidade disp\u00f5e, entre outros assuntos, sobre:<br><strong>Quais dados s\u00e3o coletados sobre voc\u00ea<\/strong>:<\/p>\n\n\n\n<ul class=\"wp-block-list\"><li><strong>O que s\u00e3o cookies;<\/strong><\/li><li><strong>Como utilizamos os seus dados pessoais;<\/strong><\/li><li><strong>Com quem compartilhamos os seus dados pessoais;<\/strong><\/li><li><strong>Como mantemos os seus dados pessoais seguros;<\/strong><\/li><li><strong>Por quanto tempo os seus dados pessoais ser\u00e3o armazenados;<\/strong><\/li><li><strong>Seus direitos como Titular de dados pessoais e a forma de exerc\u00ea-los.<\/strong><\/li><\/ul>\n\n\n\n<blockquote class=\"wp-block-quote is-layout-flow wp-block-quote-is-layout-flow\"><p>Em caso de d\u00favidas adicionais, por favor, entre em contato com nosso Encarregado pelo Tratamento de Dados Pessoais:<br>Nome: <strong>Carlos Henrique Safini dos Reis<\/strong><br>Contato: <a href=\"mailto:dpo.rededor@rededor.com.br\">dpo.rededor@rededor.com.br<\/a><\/p><\/blockquote>\n\n\n\n<h3 class=\"has-normal-font-size wp-block-heading\"><strong>QUADRO RESUMO<\/strong><\/h3>\n\n\n\n<div class=\"wp-block-image\"><figure class=\"aligncenter size-full\"><img loading=\"lazy\" decoding=\"async\" width=\"567\" height=\"735\" src=\"https:\/\/labvivalle.com.br\/site\/wp-content\/uploads\/2021\/12\/labvivalle-rededor-tabela1.jpg\" alt=\"\" class=\"wp-image-406\" srcset=\"https:\/\/labvivalle.com.br\/site\/wp-content\/uploads\/2021\/12\/labvivalle-rededor-tabela1.jpg 567w, https:\/\/labvivalle.com.br\/site\/wp-content\/uploads\/2021\/12\/labvivalle-rededor-tabela1-480x622.jpg 480w\" sizes=\"auto, (min-width: 0px) and (max-width: 480px) 480px, (min-width: 481px) 567px, 100vw\" \/><\/figure><\/div>\n\n\n\n<p>Este Aviso poder\u00e1 ser atualizado, a qualquer tempo, pela <strong>Rede D\u2019Or,<\/strong> mediante aviso no site e\/ou por e-mail, caso o Titular tenha optado por receber comunica\u00e7\u00f5es da <strong>Rede D\u2019Or<\/strong>.<\/p>\n\n\n\n<p><strong>QUAIS DADOS S\u00c3O COLETADOS SOBRE VOC\u00ca<\/strong><\/p>\n\n\n\n<p>Para que possamos prestar os nossos servi\u00e7os, torna-se imprescind\u00edvel a coleta de algumas informa\u00e7\u00f5es que dizem respeito sobre voc\u00ea. Quais s\u00e3o estes dados?<\/p>\n\n\n\n<ul class=\"wp-block-list\"><li><strong>Dados pessoais fornecidos por terceiros<\/strong>: A <strong>Rede D\u2019Or <\/strong>recebe dados pessoais de terceiros, sejam parceiros e prestadores de servi\u00e7os, relacionados a voc\u00ea. Os dados recebidos de tais fontes, possibilitam que a <strong>Rede D\u2019Or <\/strong>preste os seus servi\u00e7os a voc\u00ea.<\/li><\/ul>\n\n\n\n<ul class=\"wp-block-list\"><li><strong>Dados pessoais fornecidos diretamente por voc\u00ea<\/strong>: A <strong>Rede D\u2019Or<\/strong> coletar\u00e1 todos os dados pessoais inseridos ou encaminhados ativamente pelo usu\u00e1rio ao se cadastrar em nosso portal. Os dados coletados variam de acordo com o tipo de servi\u00e7o em que voc\u00ea est\u00e1 cadastrado. Abaixo apresentamos uma lista, n\u00e3o exaustiva, dos servi\u00e7os prestados pela <strong>Rede D\u2019Or<\/strong>:<\/li><\/ul>\n\n\n\n<div class=\"wp-block-image\"><figure class=\"aligncenter size-full\"><img loading=\"lazy\" decoding=\"async\" width=\"964\" height=\"348\" src=\"https:\/\/labvivalle.com.br\/site\/wp-content\/uploads\/2021\/12\/labvivalle-rededor-tabela2.jpg\" alt=\"\" class=\"wp-image-407\" srcset=\"https:\/\/labvivalle.com.br\/site\/wp-content\/uploads\/2021\/12\/labvivalle-rededor-tabela2.jpg 964w, https:\/\/labvivalle.com.br\/site\/wp-content\/uploads\/2021\/12\/labvivalle-rededor-tabela2-480x173.jpg 480w\" sizes=\"auto, (min-width: 0px) and (max-width: 480px) 480px, (min-width: 481px) 964px, 100vw\" \/><\/figure><\/div>\n\n\n\n<ul class=\"wp-block-list\"><li>Dados coletados automaticamente: A Rede D\u2019Or tamb\u00e9m coleta uma s\u00e9rie de informa\u00e7\u00f5es de modo autom\u00e1tico, tais como: caracter\u00edsticas do dispositivo de acesso, do navegador, IP (com data e hora), origem do IP, informa\u00e7\u00f5es sobre cliques, p\u00e1ginas acessadas, termos de procura digitado em nossos portais, dentre outros. Tal coleta \u00e9 realizada por meio do uso de algumas tecnologias padr\u00f5es, como cookies.<\/li><\/ul>\n\n\n\n<h2 class=\"wp-block-heading\" style=\"font-size:18px\">O QUE S\u00c3O COOKIES<\/h2>\n\n\n\n<p>Cookies s\u00e3o arquivos ou informa\u00e7\u00f5es que podem ser armazenadas em seus dispositivos quando voc\u00ea visita o site ou utiliza os servi\u00e7os on-line da <strong>Rede D\u2019Or<\/strong>.<\/p>\n\n\n\n<div class=\"wp-block-image\"><figure class=\"aligncenter size-full\"><img loading=\"lazy\" decoding=\"async\" width=\"965\" height=\"483\" src=\"https:\/\/labvivalle.com.br\/site\/wp-content\/uploads\/2021\/12\/labvivalle-rededor-tabela3.jpg\" alt=\"\" class=\"wp-image-408\" srcset=\"https:\/\/labvivalle.com.br\/site\/wp-content\/uploads\/2021\/12\/labvivalle-rededor-tabela3.jpg 965w, https:\/\/labvivalle.com.br\/site\/wp-content\/uploads\/2021\/12\/labvivalle-rededor-tabela3-480x240.jpg 480w\" sizes=\"auto, (min-width: 0px) and (max-width: 480px) 480px, (min-width: 481px) 965px, 100vw\" \/><\/figure><\/div>\n\n\n\n<p>Ao acessar, pela primeira vez, o <strong>Portal da Rede D\u2019OR<\/strong>, voc\u00ea ser\u00e1 informado sobre os tipos de cookies e as finalidades para as quais eles s\u00e3o utilizados.<\/p>\n\n\n\n<p>Para toda a coleta de dados pessoais, a <strong>Rede D\u2019Or <\/strong>sempre seguir\u00e1 as seguintes regras:<\/p>\n\n\n\n<ul class=\"wp-block-list\"><li>Apenas ser\u00e3o coletadas informa\u00e7\u00f5es imprescind\u00edveis para a presta\u00e7\u00e3o dos servi\u00e7os oferecidos.<\/li><li>Caso seja necess\u00e1ria a coleta de demais dados pessoais, tomaremos o devido cuidado de coletar a sua autoriza\u00e7\u00e3o para tanto ou avis\u00e1-lo sobre tal a\u00e7\u00e3o.<\/li><li>Qualquer autoriza\u00e7\u00e3o que coletarmos de voc\u00ea ser\u00e1 acompanhada do devido grau de informa\u00e7\u00e3o.<\/li><li>Os dados pessoais coletados somente ser\u00e3o utilizados para cumprir com as finalidades informadas a voc\u00ea.<\/li><\/ul>\n\n\n\n<h3 class=\"wp-block-heading\" style=\"font-size:17px\"><strong>COMO UTILIZAMOS OS SEUS DADOS PESSOAIS<\/strong><\/h3>\n\n\n\n<p>Dados pessoais s\u00e3o tratados pela <strong>Rede D\u2019Or<\/strong> para diversas finalidades. Abaixo apresentamos as principais hip\u00f3teses em que trataremos as suas informa\u00e7\u00f5es:<\/p>\n\n\n\n<p>Para a execu\u00e7\u00e3o de contratos ou dilig\u00eancias preliminares, como:<\/p>\n\n\n\n<ul class=\"wp-block-list\"><li>Gest\u00e3o, administra\u00e7\u00e3o, presta\u00e7\u00e3o, amplia\u00e7\u00e3o e melhoramento dos Servi\u00e7os oferecidos ao Titular;<\/li><li>Para o relacionamento e oferecimento de informa\u00e7\u00f5es relacionadas aos produtos e servi\u00e7os contratados pelos clientes da <strong>Rede D\u2019Or<\/strong>;<\/li><li>Para avaliar se \u00e9 poss\u00edvel o oferecimento de determinados produtos ou servi\u00e7os e sob quais condi\u00e7\u00f5es.<\/li><\/ul>\n\n\n\n<p>Caso a <strong>Rede D\u2019Or <\/strong>tenha que cumprir alguma obriga\u00e7\u00e3o legal ou regulat\u00f3ria, como:<\/p>\n\n\n\n<ul class=\"wp-block-list\"><li>Guarda de prontu\u00e1rio m\u00e9dico pelo per\u00edodo de 20 (vinte anos) a partir do \u00faltimo registro, conforme artigo 6\u00ba da Lei n\u00ba 13.787\/2018;<\/li><\/ul>\n\n\n\n<ul class=\"wp-block-list\"><li>Notifica\u00e7\u00e3o compuls\u00f3ria em caso de suspeita de maus tratos de crian\u00e7as, conforme artigo 13 do Estatuto da Crian\u00e7a e Adolescente;<\/li><\/ul>\n\n\n\n<ul class=\"wp-block-list\"><li>Coleta de consentimento do paciente para realiza\u00e7\u00e3o de procedimento m\u00e9dico indicando os riscos inerentes ao referido procedimento, conforme art. 22 do C\u00f3digo de \u00c9tica M\u00e9dica;<\/li><\/ul>\n\n\n\n<ul class=\"wp-block-list\"><li>Compartilhamento de dados com o Minist\u00e9rio da Sa\u00fade para forma\u00e7\u00e3o do conjunto m\u00ednimo de dados, consoante artigo 47 da Lei n\u00ba 8.080\/1990 e artigo 4\u00ba do Decreto 29\/2017;<\/li><\/ul>\n\n\n\n<ul class=\"wp-block-list\"><li>Notifica\u00e7\u00e3o compuls\u00f3ria de doen\u00e7as, conforme Lei n\u00ba 6.259\/1975.<\/li><\/ul>\n\n\n\n<ul class=\"wp-block-list\"><li>Guarda de registro de acesso ao WiFi de Unidades Hospitalares e Laboratoriais, conforme artigo 13 do Marco Civil da Internet.<\/li><\/ul>\n\n\n\n<p>Para a tutela da sa\u00fade, em procedimentos que, pelas suas particularidades, dispensam a coleta de consentimento:<\/p>\n\n\n\n<ul class=\"wp-block-list\"><li>Como por exemplo, nos casos de consultas m\u00e9dicas em que s\u00e3o coletados dados como altura, peso, h\u00e1bitos alimentares, press\u00e3o arterial entre outras informa\u00e7\u00f5es.<\/li><\/ul>\n\n\n\n<p>Para, a depender da emerg\u00eancia da situa\u00e7\u00e3o, preservar a sua vida e incolumidade f\u00edsica:<\/p>\n\n\n\n<ul class=\"wp-block-list\"><li>Nos casos de atendimentos emergenciais, no pronto socorro, por exemplo, em que a coleta do consentimento para procedimentos de alto risco se torna invi\u00e1vel.<\/li><\/ul>\n\n\n\n<p>Na persecu\u00e7\u00e3o do interesse leg\u00edtimo da <strong>Rede D\u2019Or<\/strong>, sempre no limite de sua expectativa, e nunca em preju\u00edzo de seus interesses, direitos e liberdades fundamentais:<\/p>\n\n\n\n<ul class=\"wp-block-list\"><li>Nos casos, por exemplo, dos procedimentos de identifica\u00e7\u00e3o na recep\u00e7\u00e3o das Unidades Hospitalares e Laboratoriais.<\/li><\/ul>\n\n\n\n<p>Para a condu\u00e7\u00e3o de atividades que visam prevenir a ocorr\u00eancia de fraudes, como:<\/p>\n\n\n\n<ul class=\"wp-block-list\"><li>A condu\u00e7\u00e3o de investiga\u00e7\u00f5es internas, quando houver o envolvimento de dados pessoais sens\u00edveis.<\/li><\/ul>\n\n\n\n<p>Por meio de autoriza\u00e7\u00e3o concedida por voc\u00ea, como em processos de:<\/p>\n\n\n\n<ul class=\"wp-block-list\"><li>Envio de comunica\u00e7\u00f5es para fins publicit\u00e1rios e informativos;<\/li><li>Divulga\u00e7\u00e3o de eventos ou realiza\u00e7\u00e3o de pesquisas relacionadas \u00e0s atividades da <strong>Rede D\u2019Or<\/strong>.<\/li><\/ul>\n\n\n\n<h3 class=\"wp-block-heading\" style=\"font-size:17px\"><strong>COM QUEM COMPARTILHAREMOS OS SEUS DADOS PESSOAIS<\/strong><\/h3>\n\n\n\n<p>A <strong>Rede D\u2019Or<\/strong>, por vezes, precisar\u00e1 compartilhar os seus dados pessoais com terceiros. As situa\u00e7\u00f5es que envolver\u00e3o o compartilhamento de suas informa\u00e7\u00f5es ser\u00e3o:<\/p>\n\n\n\n<ol class=\"wp-block-list\"><li>Com empresas parceiras e fornecedores, no desenvolvimento e presta\u00e7\u00e3o de servi\u00e7os disponibilizados a voc\u00ea, sobretudo as Operadoras de Planos de Sa\u00fade em que as Unidades Hospitalares da <strong>Rede D\u2019Or<\/strong> est\u00e3o credenciadas a operar.<br>  <\/li><li>Com autoridades, entidades governamentais ou outros terceiros, para a prote\u00e7\u00e3o dos interesses da <strong>Rede D\u2019Or<\/strong> em qualquer tipo de conflito, incluindo a\u00e7\u00f5es judiciais e processos administrativos;<br>  <\/li><li>No caso de transa\u00e7\u00f5es e altera\u00e7\u00f5es societ\u00e1rias envolvendo a <strong>Rede D\u2019Or<\/strong>, hip\u00f3tese em que a transfer\u00eancia das informa\u00e7\u00f5es ser\u00e1 necess\u00e1ria para a continuidade dos servi\u00e7os; ou,<br>  <\/li><li>Mediante ordem judicial ou pelo requerimento de autoridades administrativas que detenham compet\u00eancia legal para a sua requisi\u00e7\u00e3o.<\/li><\/ol>\n\n\n\n<h3 class=\"wp-block-heading\" style=\"font-size:17px\"><strong>COMO MANTEMOS OS SEUS DADOS PESSOAIS SEGUROS<\/strong><\/h3>\n\n\n\n<p>Qualquer dado pessoal em posse da <strong>Rede D\u2019Or<\/strong> ser\u00e1 armazenado de acordo com os mais r\u00edgidos padr\u00f5es de seguran\u00e7a, o que inclui a ado\u00e7\u00e3o de medidas como:<\/p>\n\n\n\n<ul class=\"wp-block-list\"><li>Prote\u00e7\u00e3o contra acesso n\u00e3o autorizado a seus sistemas;<\/li><li>Acesso restrito de pessoas espec\u00edficas ao local onde s\u00e3o armazenadas as informa\u00e7\u00f5es pessoais; e<\/li><li>Garantia para que agentes, funcion\u00e1rios internos ou parceiros externos que realizarem o tratamento de dados pessoais dever\u00e3o se comprometer a manter o sigilo absoluto das informa\u00e7\u00f5es, adotando as melhores pr\u00e1ticas para manuseio destes dados, conforme determinado nas pol\u00edticas e procedimentos corporativos;<\/li><\/ul>\n\n\n\n<p>Al\u00e9m dos esfor\u00e7os t\u00e9cnicos, a <strong>Rede D\u2019Or<\/strong> tamb\u00e9m adota medidas institucionais visando a prote\u00e7\u00e3o de dados pessoais, de modo que mant\u00e9m programa de governan\u00e7a em privacidade aplicado \u00e0s suas atividades e estrutura de governan\u00e7a, constantemente atualizado e gerido pelo Encarregado pela Prote\u00e7\u00e3o de Dados Pessoais.<\/p>\n\n\n\n<p>Embora a <strong>Rede D\u2019Or<\/strong> adote os melhores esfor\u00e7os no sentido de preservar a privacidade e proteger os dados pessoais dos Titulares, nenhuma transmiss\u00e3o de informa\u00e7\u00f5es \u00e9 totalmente segura, estando sempre suscet\u00edveis a ocorr\u00eancia de falhas t\u00e9cnicas, v\u00edrus ou a\u00e7\u00f5es similares.<\/p>\n\n\n\n<p>De qualquer forma, na remota hip\u00f3tese de incid\u00eancia de epis\u00f3dios desta natureza, a <strong>Rede D\u2019Or<\/strong> garante o pleno esfor\u00e7o para remediar as consequ\u00eancias do evento, sempre garantindo a devida transpar\u00eancia a voc\u00ea.<\/p>\n\n\n\n<h3 class=\"wp-block-heading\" style=\"font-size:17px\"><strong>POR QUANTO TEMPO OS SEUS DADOS PESSOAIS SER\u00c3O ARMAZENADOS<\/strong><\/h3>\n\n\n\n<p>Os dados pessoais tratados pela <strong>Rede D\u2019Or<\/strong> ser\u00e3o eliminados quando deixarem de ser \u00fateis para os fins para os quais foram coletados, ou quando voc\u00ea solicitar a sua elimina\u00e7\u00e3o, exceto na hip\u00f3tese de necessidade de cumprimento de obriga\u00e7\u00e3o legal ou regulat\u00f3ria (a exemplo da Lei do Prontu\u00e1rio Eletr\u00f4nico (artigo 6\u00ba da Lei 13.787\/2018) que determina a guarda do respectivo documento por, no m\u00ednimo, 20 (vinte) anos, a partir do \u00faltimo registro), transfer\u00eancia a terceiro \u2013 desde que respeitados os requisitos de tratamento de dados \u2013 e uso exclusivo da <strong>Rede D\u2019Or<\/strong>, inclusive para o exerc\u00edcio de seus direitos em processos judiciais ou administrativos.<\/p>\n\n\n\n<h3 class=\"wp-block-heading\" style=\"font-size:17px\"><strong>SEUS DIREITOS ENQUANTO TITULAR DOS DADOS<\/strong><\/h3>\n\n\n\n<p>Em cumprimento \u00e0 regulamenta\u00e7\u00e3o aplic\u00e1vel, no que diz respeito ao tratamento de dados pessoais, a <strong>Rede D\u2019Or<\/strong>, enquanto Controladora de seus dados pessoais, respeita e garante ao Titular, a possibilidade de apresenta\u00e7\u00e3o de solicita\u00e7\u00f5es baseadas nos seguintes direitos:<\/p>\n\n\n\n<ul class=\"wp-block-list\"><li>Confirma\u00e7\u00e3o da exist\u00eancia de tratamento;<\/li><li>Acesso aos dados;<\/li><li>Corre\u00e7\u00e3o de dados incompletos, inexatos ou desatualizados;<\/li><li>Anonimiza\u00e7\u00e3o, bloqueio ou elimina\u00e7\u00e3o de dados desnecess\u00e1rios, excessivos ou tratados em desconformidade;<\/li><li>Portabilidade de seus dados a outro fornecedor de servi\u00e7o ou produto, mediante requisi\u00e7\u00e3o expressa pelo Titular;<\/li><li>Elimina\u00e7\u00e3o dos dados tratados com consentimento do Titular;<\/li><li>Obten\u00e7\u00e3o de informa\u00e7\u00f5es sobre as entidades p\u00fablicas ou privadas com as quais a <strong>Rede D\u2019Or<\/strong> compartilhou seus dados;<\/li><li>Informa\u00e7\u00e3o sobre a possibilidade de n\u00e3o fornecer o seu consentimento, bem como de ser informado sobre as consequ\u00eancias, em caso de negativa;<\/li><li>Revoga\u00e7\u00e3o do consentimento.<\/li><\/ul>\n\n\n\n<p>Neste ponto, todas as requisi\u00e7\u00f5es ser\u00e3o:<\/p>\n\n\n\n<ul class=\"wp-block-list\"><li>Oportunizadas de forma gratuita;<\/li><li>Submetidas a uma forma de valida\u00e7\u00e3o de sua identidade (a fim de que a <strong>Rede D\u2019Or <\/strong>direcione o atendimento de requisi\u00e7\u00f5es, exclusivamente ao titular dos dados).<\/li><\/ul>\n\n\n\n<p>Para exercer os seus direitos como titular de dados pessoais, voc\u00ea pode <a href=\"https:\/\/dpo.privacytools.com.br\/public_api\/dsar\/KVuF6__bar__Xri0pqiHrdJpNTrSkUWFkZXp1d43hRI1seqgaYnrSYvYMb1f0PRuIedV7hq6tySh1f8sGkqqWB6S__bar__ARg__equal____equal__\/form.html\" target=\"_blank\" rel=\"noreferrer noopener\"><strong>clicar aqui<\/strong> <\/a>ou acessar a p\u00e1gina <strong>LGPD &#8211; Direitos dos Titulares<\/strong>, dispon\u00edvel no site Rede D\u2019Or.<\/p>\n\n\n\n<p>A <strong>Rede D\u2019Or<\/strong> ressalta a possibilidade da sua requisi\u00e7\u00e3o ser legalmente rejeitada, seja por motivos formais (a exemplo de impossibilidade de comprova\u00e7\u00e3o da sua identidade) ou legais (a exemplo do pedido de exclus\u00e3o de dados cuja manuten\u00e7\u00e3o \u00e9 livre exerc\u00edcio de direito pela <strong>Rede D\u2019Or<\/strong>), sendo certo que, na hip\u00f3tese de impossibilidade de atendimento destas requisi\u00e7\u00f5es, a<strong> Rede D\u2019Or <\/strong>apresentar\u00e1 \u00e0 voc\u00ea, as justificativas razo\u00e1veis.<\/p>\n\n\n\n<h3 class=\"wp-block-heading\" style=\"font-size:17px\"><strong>LEGISLA\u00c7\u00c3O APLIC\u00c1VEL E ALTERA\u00c7\u00d5ES<\/strong><\/h3>\n\n\n\n<p>Este documento foi elaborado com base na Lei Federal n\u00ba 13.709\/2018 \u2013 Lei Geral de Prote\u00e7\u00e3o de Dados \u201cLGPD\u201d.<\/p>\n\n\n\n<p>A Rede D\u2019Or reserva o direito, a seu exclusivo crit\u00e9rio, de modificar, alterar, acrescentar ou remover partes deste documento a qualquer momento.<\/p>\n\n\n\n<p><strong>DEFINI\u00c7\u00d5ES<\/strong><\/p>\n\n\n\n<p>Caso tenha alguma d\u00favida sobre os termos utilizados nesta Diretiva de Privacidade, sugerimos consultar o gloss\u00e1rio abaixo.<\/p>\n\n\n\n<div class=\"wp-block-image\"><figure class=\"aligncenter size-full\"><img loading=\"lazy\" decoding=\"async\" width=\"609\" height=\"1326\" src=\"https:\/\/labvivalle.com.br\/site\/wp-content\/uploads\/2021\/12\/labvivalle-rededor-tabela4.jpg\" alt=\"\" class=\"wp-image-409\" srcset=\"https:\/\/labvivalle.com.br\/site\/wp-content\/uploads\/2021\/12\/labvivalle-rededor-tabela4.jpg 609w, https:\/\/labvivalle.com.br\/site\/wp-content\/uploads\/2021\/12\/labvivalle-rededor-tabela4-480x1045.jpg 480w\" sizes=\"auto, (min-width: 0px) and (max-width: 480px) 480px, (min-width: 481px) 609px, 100vw\" \/><\/figure><\/div>\n","protected":false},"excerpt":{"rendered":"<p>AVISO GERAL DE PRIVACIDADE E PROTE\u00c7\u00c3O DE DADOS A Rede D\u2019OR S\u00e3o Luiz, pessoa jur\u00eddica de direito privado inscrita no CNPJ sob o n\u00ba 06.047.087\/0001-39, com sede na Rua Volunt\u00e1rios da P\u00e1tria, 138 &#8211; Botafogo, Rio de Janeiro &#8211; RJ, CEP 22270-010 (\u201cRede D\u2019OR\u201d), entende como extremamente relevantes os registros eletr\u00f4nicos e dados pessoais deixados [&hellip;]<\/p>\n","protected":false},"author":2,"featured_media":0,"parent":0,"menu_order":0,"comment_status":"closed","ping_status":"closed","template":"","meta":{"_et_pb_use_builder":"","_et_pb_old_content":"","_et_gb_content_width":"","footnotes":""},"class_list":["post-3","page","type-page","status-publish","hentry"],"_links":{"self":[{"href":"https:\/\/labvivalle.com.br\/site\/wp-json\/wp\/v2\/pages\/3","targetHints":{"allow":["GET"]}}],"collection":[{"href":"https:\/\/labvivalle.com.br\/site\/wp-json\/wp\/v2\/pages"}],"about":[{"href":"https:\/\/labvivalle.com.br\/site\/wp-json\/wp\/v2\/types\/page"}],"author":[{"embeddable":true,"href":"https:\/\/labvivalle.com.br\/site\/wp-json\/wp\/v2\/users\/2"}],"replies":[{"embeddable":true,"href":"https:\/\/labvivalle.com.br\/site\/wp-json\/wp\/v2\/comments?post=3"}],"version-history":[{"count":10,"href":"https:\/\/labvivalle.com.br\/site\/wp-json\/wp\/v2\/pages\/3\/revisions"}],"predecessor-version":[{"id":412,"href":"https:\/\/labvivalle.com.br\/site\/wp-json\/wp\/v2\/pages\/3\/revisions\/412"}],"wp:attachment":[{"href":"https:\/\/labvivalle.com.br\/site\/wp-json\/wp\/v2\/media?parent=3"}],"curies":[{"name":"wp","href":"https:\/\/api.w.org\/{rel}","templated":true}]}}